{"id":8525,"date":"2019-08-13T08:31:15","date_gmt":"2019-08-13T08:31:15","guid":{"rendered":"https:\/\/exportou.com\/mision-inversa-mexico\/"},"modified":"2020-10-21T09:34:45","modified_gmt":"2020-10-21T09:34:45","slug":"mision-virtual-belgica-holanda","status":"publish","type":"page","link":"https:\/\/exportou.com\/en\/mision-virtual-belgica-holanda\/","title":{"rendered":"Misi\u00f3n Virtual de B\u00e9lgica y Pa\u00edses Bajos"},"content":{"rendered":"<p>&nbsp;<\/p>\n<p><img decoding=\"async\" loading=\"lazy\" class=\"size-medium wp-image-10407 aligncenter\" src=\"https:\/\/exportou.com\/wp-content\/uploads\/2020\/10\/Banner-Website-CEO-final-300x214.png\" alt=\"\" width=\"300\" height=\"214\" srcset=\"https:\/\/exportou.com\/wp-content\/uploads\/2020\/10\/Banner-Website-CEO-final-300x214.png 300w, https:\/\/exportou.com\/wp-content\/uploads\/2020\/10\/Banner-Website-CEO-final.png 350w\" sizes=\"(max-width: 300px) 100vw, 300px\" \/><\/p>\n<p>La <a href=\"http:\/\/www.ceo.es\/\"><strong>Confederaci\u00f3n Empresarial de Ourense &#8211; CEO<\/strong><\/a> organiza una misi\u00f3n comercial de manera virtual del <strong>10 al 13 de noviembre<\/strong> para promover la internacionalizaci\u00f3n del <strong>sector agroalimentario y vitivin\u00edcola<\/strong> de la Eurorregi\u00f3n Galicia- Norte de Portugal en <strong>B\u00e9lgica y Pa\u00edses Bajos<\/strong><strong>.<\/strong><\/p>\n<p>Esta misi\u00f3n <strong>se centra en los mercados de <\/strong><strong>B\u00e9lgica y Pa\u00edses Bajos<\/strong> y los perfiles invitados que participar\u00e1n son el de empresas importadoras o distribuidoras de vinos y productos alimentarios de referencia en dichos pa\u00edses. Debido a la situaci\u00f3n derivada de la COVID-19, ser\u00e1 una misi\u00f3n completamente virtual, con el objetivo de seguir apoyando el impulso internacional de las empresas de la Eurorregi\u00f3n y promover acuerdos de negocio, en esta ocasi\u00f3n gracias a los medios telem\u00e1ticos. Durante la misi\u00f3n se realizar\u00e1n encuentros de negocio online B2B, a trav\u00e9s de una plataforma digital en la que su empresa dispondr\u00e1 de un espacio con informaci\u00f3n sobre sus producto, todo ello con el objetivo de facilitar acuerdos comerciales entre las pymes de la Eurorregi\u00f3n y las empresas invitadas internacionales.<\/p>\n<p>Esta acci\u00f3n se realiza en el marco del Proyecto <a href=\"https:\/\/www.internovamarketfood.com\/\"><strong>INTERNOVAMARKET-FOOD<\/strong><\/a> para toda la eurorregi\u00f3n, a trav\u00e9s del programa Interreg V-A Espa\u00f1a-Portugal (<a href=\"https:\/\/www.poctep.eu\/\"><strong>POCTEP<\/strong><\/a>) de la Uni\u00f3n Europea y el FEDER.<\/p>\n<p>La\u00a0<strong>participaci\u00f3n <\/strong>es\u00a0<strong>gratuita, con plazas limitadas. Para\u00a0<\/strong><strong>registrarse<\/strong><strong>\u00a0<\/strong>debe darse de alta como usuario en la web que encontrar\u00e1 haciendo <a href=\"http:\/\/virtualmission_ceo.internovamarketfood.com\/login\"><strong>CLICK AQU\u00cd<\/strong><\/a> o bien entrando en el siguiente enlace <a href=\"http:\/\/virtualmission_ceo.internovamarketfood.com\/login\">http:\/\/virtualmission_ceo.internovamarketfood.com\/login<\/a><\/p>\n<p>Para m\u00e1s informaci\u00f3n\u00a0\u00a0puede contactar con el Departamento de Promoci\u00f3n Exterior y Relaciones Internacionales en el\u00a0<strong>tel\u00e9fono 988 391 110<\/strong>\u00a0o enviarnos un\u00a0<strong>correo electr\u00f3nico<\/strong>\u00a0con sus datos a\u00a0<a href=\"mailto:ceo@ceo.es\">europeos@ceo.es<\/a><\/p>\n<p>Presentaci\u00f3n: <a href=\"https:\/\/exportou.com\/wp-content\/uploads\/2020\/09\/MisionVirtual_Belgica_PaisesBajos.pdf\">MisionVirtual_Belgica_PaisesBajos<\/a><\/p>\n","protected":false},"excerpt":{"rendered":"<p>&nbsp; La Confederaci\u00f3n Empresarial de Ourense &#8211; CEO organiza una misi\u00f3n comercial de manera virtual del 10 al 13 de noviembre para promover la internacionalizaci\u00f3n del sector agroalimentario y vitivin\u00edcola de la Eurorregi\u00f3n Galicia- Norte de Portugal en B\u00e9lgica y Pa\u00edses Bajos. Esta misi\u00f3n se centra en los mercados de B\u00e9lgica y Pa\u00edses Bajos y [&hellip;]<\/p>\n","protected":false},"author":43,"featured_media":10408,"parent":0,"menu_order":0,"comment_status":"closed","ping_status":"closed","template":"","meta":[],"yoast_head":"<!-- This site is optimized with the Yoast SEO plugin v20.9 - https:\/\/yoast.com\/wordpress\/plugins\/seo\/ -->\n<title>Misi\u00f3n Virtual de B\u00e9lgica y Pa\u00edses Bajos - Exportou<\/title>\n<meta name=\"description\" content=\"La Confederaci\u00f3n Empresarial de Ourense contin\u00faa con la organizaci\u00f3n de la\u00a0Misi\u00f3n Virtual de B\u00e9lgica y Pa\u00edses Bajos del 26 al 30 de octubre\" \/>\n<meta name=\"robots\" content=\"index, follow, max-snippet:-1, max-image-preview:large, max-video-preview:-1\" \/>\n<link rel=\"canonical\" href=\"https:\/\/exportou.com\/mision-virtual-belgica-holanda\/\" \/>\n<meta property=\"og:locale\" content=\"en_US\" \/>\n<meta property=\"og:type\" content=\"article\" \/>\n<meta property=\"og:title\" content=\"Misi\u00f3n Virtual de B\u00e9lgica y Pa\u00edses Bajos - Exportou\" \/>\n<meta property=\"og:description\" content=\"La Confederaci\u00f3n Empresarial de Ourense contin\u00faa con la organizaci\u00f3n de la\u00a0Misi\u00f3n Virtual de B\u00e9lgica y Pa\u00edses Bajos del 26 al 30 de octubre\" \/>\n<meta property=\"og:url\" content=\"https:\/\/exportou.com\/mision-virtual-belgica-holanda\/\" \/>\n<meta property=\"og:site_name\" content=\"Exportou\" \/>\n<meta property=\"article:modified_time\" content=\"2020-10-21T09:34:45+00:00\" \/>\n<meta property=\"og:image\" content=\"https:\/\/exportou.com\/wp-content\/uploads\/2020\/10\/Banner-Website-CEO-final.png\" \/>\n\t<meta property=\"og:image:width\" content=\"350\" \/>\n\t<meta property=\"og:image:height\" content=\"250\" \/>\n\t<meta property=\"og:image:type\" content=\"image\/png\" \/>\n<meta name=\"twitter:card\" content=\"summary_large_image\" \/>\n<meta name=\"twitter:label1\" content=\"Est. reading time\" \/>\n\t<meta name=\"twitter:data1\" content=\"1 minute\" \/>\n<script type=\"application\/ld+json\" class=\"yoast-schema-graph\">{\"@context\":\"https:\/\/schema.org\",\"@graph\":[{\"@type\":\"WebPage\",\"@id\":\"https:\/\/exportou.com\/mision-virtual-belgica-holanda\/\",\"url\":\"https:\/\/exportou.com\/mision-virtual-belgica-holanda\/\",\"name\":\"Misi\u00f3n Virtual de B\u00e9lgica y Pa\u00edses Bajos - Exportou\",\"isPartOf\":{\"@id\":\"https:\/\/exportou.com\/#website\"},\"datePublished\":\"2019-08-13T08:31:15+00:00\",\"dateModified\":\"2020-10-21T09:34:45+00:00\",\"description\":\"La Confederaci\u00f3n Empresarial de Ourense contin\u00faa con la organizaci\u00f3n de la\u00a0Misi\u00f3n Virtual de B\u00e9lgica y Pa\u00edses Bajos del 26 al 30 de octubre\",\"breadcrumb\":{\"@id\":\"https:\/\/exportou.com\/mision-virtual-belgica-holanda\/#breadcrumb\"},\"inLanguage\":\"en-US\",\"potentialAction\":[{\"@type\":\"ReadAction\",\"target\":[\"https:\/\/exportou.com\/mision-virtual-belgica-holanda\/\"]}]},{\"@type\":\"BreadcrumbList\",\"@id\":\"https:\/\/exportou.com\/mision-virtual-belgica-holanda\/#breadcrumb\",\"itemListElement\":[{\"@type\":\"ListItem\",\"position\":1,\"name\":\"Portada\",\"item\":\"https:\/\/exportou.com\/en\/inicio-2\/\"},{\"@type\":\"ListItem\",\"position\":2,\"name\":\"Misi\u00f3n Virtual de B\u00e9lgica y Pa\u00edses Bajos\"}]},{\"@type\":\"WebSite\",\"@id\":\"https:\/\/exportou.com\/#website\",\"url\":\"https:\/\/exportou.com\/\",\"name\":\"Exportou\",\"description\":\"\",\"potentialAction\":[{\"@type\":\"SearchAction\",\"target\":{\"@type\":\"EntryPoint\",\"urlTemplate\":\"https:\/\/exportou.com\/?s={search_term_string}\"},\"query-input\":\"required name=search_term_string\"}],\"inLanguage\":\"en-US\"}]}<\/script>\n<!-- \/ Yoast SEO plugin. -->","yoast_head_json":{"title":"Misi\u00f3n Virtual de B\u00e9lgica y Pa\u00edses Bajos - Exportou","description":"La Confederaci\u00f3n Empresarial de Ourense contin\u00faa con la organizaci\u00f3n de la\u00a0Misi\u00f3n Virtual de B\u00e9lgica y Pa\u00edses Bajos del 26 al 30 de octubre","robots":{"index":"index","follow":"follow","max-snippet":"max-snippet:-1","max-image-preview":"max-image-preview:large","max-video-preview":"max-video-preview:-1"},"canonical":"https:\/\/exportou.com\/mision-virtual-belgica-holanda\/","og_locale":"en_US","og_type":"article","og_title":"Misi\u00f3n Virtual de B\u00e9lgica y Pa\u00edses Bajos - Exportou","og_description":"La Confederaci\u00f3n Empresarial de Ourense contin\u00faa con la organizaci\u00f3n de la\u00a0Misi\u00f3n Virtual de B\u00e9lgica y Pa\u00edses Bajos del 26 al 30 de octubre","og_url":"https:\/\/exportou.com\/mision-virtual-belgica-holanda\/","og_site_name":"Exportou","article_modified_time":"2020-10-21T09:34:45+00:00","og_image":[{"width":350,"height":250,"url":"https:\/\/exportou.com\/wp-content\/uploads\/2020\/10\/Banner-Website-CEO-final.png","type":"image\/png"}],"twitter_card":"summary_large_image","twitter_misc":{"Est. reading time":"1 minute"},"schema":{"@context":"https:\/\/schema.org","@graph":[{"@type":"WebPage","@id":"https:\/\/exportou.com\/mision-virtual-belgica-holanda\/","url":"https:\/\/exportou.com\/mision-virtual-belgica-holanda\/","name":"Misi\u00f3n Virtual de B\u00e9lgica y Pa\u00edses Bajos - Exportou","isPartOf":{"@id":"https:\/\/exportou.com\/#website"},"datePublished":"2019-08-13T08:31:15+00:00","dateModified":"2020-10-21T09:34:45+00:00","description":"La Confederaci\u00f3n Empresarial de Ourense contin\u00faa con la organizaci\u00f3n de la\u00a0Misi\u00f3n Virtual de B\u00e9lgica y Pa\u00edses Bajos del 26 al 30 de octubre","breadcrumb":{"@id":"https:\/\/exportou.com\/mision-virtual-belgica-holanda\/#breadcrumb"},"inLanguage":"en-US","potentialAction":[{"@type":"ReadAction","target":["https:\/\/exportou.com\/mision-virtual-belgica-holanda\/"]}]},{"@type":"BreadcrumbList","@id":"https:\/\/exportou.com\/mision-virtual-belgica-holanda\/#breadcrumb","itemListElement":[{"@type":"ListItem","position":1,"name":"Portada","item":"https:\/\/exportou.com\/en\/inicio-2\/"},{"@type":"ListItem","position":2,"name":"Misi\u00f3n Virtual de B\u00e9lgica y Pa\u00edses Bajos"}]},{"@type":"WebSite","@id":"https:\/\/exportou.com\/#website","url":"https:\/\/exportou.com\/","name":"Exportou","description":"","potentialAction":[{"@type":"SearchAction","target":{"@type":"EntryPoint","urlTemplate":"https:\/\/exportou.com\/?s={search_term_string}"},"query-input":"required name=search_term_string"}],"inLanguage":"en-US"}]}},"_links":{"self":[{"href":"https:\/\/exportou.com\/en\/wp-json\/wp\/v2\/pages\/8525"}],"collection":[{"href":"https:\/\/exportou.com\/en\/wp-json\/wp\/v2\/pages"}],"about":[{"href":"https:\/\/exportou.com\/en\/wp-json\/wp\/v2\/types\/page"}],"author":[{"embeddable":true,"href":"https:\/\/exportou.com\/en\/wp-json\/wp\/v2\/users\/43"}],"replies":[{"embeddable":true,"href":"https:\/\/exportou.com\/en\/wp-json\/wp\/v2\/comments?post=8525"}],"version-history":[{"count":10,"href":"https:\/\/exportou.com\/en\/wp-json\/wp\/v2\/pages\/8525\/revisions"}],"predecessor-version":[{"id":10412,"href":"https:\/\/exportou.com\/en\/wp-json\/wp\/v2\/pages\/8525\/revisions\/10412"}],"wp:featuredmedia":[{"embeddable":true,"href":"https:\/\/exportou.com\/en\/wp-json\/wp\/v2\/media\/10408"}],"wp:attachment":[{"href":"https:\/\/exportou.com\/en\/wp-json\/wp\/v2\/media?parent=8525"}],"curies":[{"name":"wp","href":"https:\/\/api.w.org\/{rel}","templated":true}]}}